{"id":13461,"date":"2023-07-19T12:01:51","date_gmt":"2023-07-19T12:01:51","guid":{"rendered":"https:\/\/dev.marksite.es\/satenda\/producto\/bestard-breithorn-pro\/"},"modified":"2023-07-19T12:01:51","modified_gmt":"2023-07-19T12:01:51","slug":"bestard-breithorn-pro","status":"publish","type":"product","link":"https:\/\/satenda.es\/en\/producto\/bestard-breithorn-pro\/","title":{"rendered":"BESTARD BREITHORN PRO"},"content":{"rendered":"<p>BESTARD BREITHORN PRO.<br \/>\nExtraordinaria bota de trekking todo-terreno, hecha de piel nobuk de una sola pieza sin costuras, reforzada con una bandoleta de goma. A pesar de su robustez, es una bota muy c\u00f3moda y eficaz, con una gran sensibilidad y libertad de movimientos, ideal para largas traves\u00edas por terrenos y situaciones meteorol\u00f3gicas variables y exigentes.Parte superior\u00a0Piel Nobuk 2,7 mm Hidr\u00f3fuga \/ Caucho<br \/>\nForro\u00a0GORE-TEX\u00ae Performance Comfort<br \/>\nHorma\u00a0Europa H<br \/>\nPalmilla\u00a0Bestflex 3 \/ Normal<br \/>\nSuela\u00a0Vibram\u00ae Foura + EVA<br \/>\nPeso\u00a01.540 grs \/ par (talla UK 8)Otras<br \/>\nCaracter\u00edsticas<br \/>\nQuick-lock<br \/>\nParte superior de una sola pieza<br \/>\nCintas de ajuste<br \/>\nBandoleta de goma.<br \/>\nPiel nobuk<br \/>\nNobuk proviene de la piel flor, la piel m\u00e1s natural y original, en la cual se mantiene y trata la parte exterior del cuero vacuno. En esta parte (epidermis, o flor) las fibras est\u00e1n unidas fuertemente, haciendo que sea m\u00e1s consistente, aislante y resistente al agua, fr\u00edo y desgaste. Para obtener el aspecto de la cara aterciopelada de la piel nobuk, esta capa superior ha sido ligeramente lijada en su flor natural para abrir las celdas del pelo. El resultado es una piel con similares caracter\u00edsticas a la piel flor, pero m\u00e1s suave, m\u00e1s transpirable y con una mejor absorci\u00f3n de los agentes hidrofugantes.<br \/>\nGORE-TEX\u00ae Performance Comfort<br \/>\nImpermeabilidad y transpirabilidad duradera<br \/>\nOptimo confort clim\u00e1tico:<br \/>\nPara temperaturas moderadas<br \/>\nPara una amplia variedad de actividades al aire libre<br \/>\nAislamiento moderado para una adecuada retenci\u00f3n del calor.<br \/>\nEuropa H<br \/>\nHorma est\u00e1ndar de anchura media \/ media-alta, con un plus de volumen en la zona de los dedos.<br \/>\nUsos: Trekking t\u00e9cnico<br \/>\nCompuesto: Vibram TREK<\/p>\n<p>Con una \u00f3ptima relaci\u00f3n de agarre y resistencia, apto para m\u00faltiples actividades:<br \/>\n&gt; Agarre excelente sobre diversas superficies<br \/>\n&gt; Resistencia a los cambios de temperatura<br \/>\n&gt; Larga duraci\u00f3n<\/p>\n<p>1 &#8211; Puntera con gran superficie de contacto para agarre en superficies rocosas.<br \/>\n2 &#8211; Puntera para la protecci\u00f3n del pie y mejor agarre.<br \/>\n4 &#8211; Tac\u00f3n reforzado, dise\u00f1ado para asegurar la frenada.<br \/>\n6 &#8211; Tacos reforzados y dise\u00f1ados para mejorar la estabilidad.<br \/>\n9 &#8211; Arqueo con relieves para un mejor agarre en terrenos accidentados.<br \/>\n11 &#8211; L\u00edneas de flexi\u00f3n para mejor salida y confort.<br \/>\n12 &#8211; Perfil curvado para un despegue m\u00e1s f\u00e1cil.<br \/>\n13 &#8211; Tac\u00f3n dise\u00f1ado para un apoyo natural y seguro.<br \/>\n16 &#8211; Media-suela de EVA microporosa para una mayor absorci\u00f3n de impactos, reducci\u00f3n del peso, y comodidad.<\/p>\n","protected":false},"excerpt":{"rendered":"<div class=\"short-description\">BESTARD BREITHORN PRO. Extraordinaria bota de trekking todo-terreno, hecha de piel nobuk de una sola pieza sin costuras, reforzada con una bandoleta de goma. A pesar de su robustez, es una bota muy c\u00f3moda y eficaz, con una gran sensibilidad y libertad de movimientos, ideal para largas traves\u00edas por terrenos y situaciones meteorol\u00f3gicas variables y exigentes.<\/div>\n<div class=\"manufacturers\"><span class=\"label\">Marca:<\/span>\u00a0<span class=\"value\"><a href=\"https:\/\/www.satenda.es\/bestard\">Bestard<\/a><\/span><\/div>\n","protected":false},"featured_media":11476,"template":"","meta":{"_et_pb_use_builder":"","_et_pb_old_content":"","_et_gb_content_width":"","inline_featured_image":false},"product_brand":[],"product_cat":[487,505,511],"product_tag":[],"class_list":["post-13461","product","type-product","status-publish","has-post-thumbnail","product_cat-calzado-en","product_cat-calzado-trekking-en","product_cat-hombre-calzado-trekking-en","first","instock","taxable","shipping-taxable","purchasable","product-type-variable"],"yoast_head":"<!-- This site is optimized with the Yoast SEO plugin v28.1 - https:\/\/yoast.com\/product\/yoast-seo-wordpress\/ -->\n<title>BESTARD BREITHORN PRO | Shop online<\/title>\n<meta name=\"description\" content=\"Shop on line\" \/>\n<meta name=\"robots\" content=\"index, follow, max-snippet:-1, max-image-preview:large, max-video-preview:-1\" \/>\n<link rel=\"canonical\" href=\"https:\/\/satenda.es\/en\/producto\/bestard-breithorn-pro\/\" \/>\n<meta property=\"og:locale\" content=\"en_US\" \/>\n<meta property=\"og:type\" content=\"article\" \/>\n<meta property=\"og:title\" content=\"BESTARD BREITHORN PRO | Shop online\" \/>\n<meta property=\"og:description\" content=\"Shop on line\" \/>\n<meta property=\"og:url\" content=\"https:\/\/satenda.es\/en\/producto\/bestard-breithorn-pro\/\" \/>\n<meta property=\"og:site_name\" content=\"Sa tenda\" \/>\n<meta property=\"og:image\" content=\"https:\/\/satenda.es\/wp-content\/uploads\/2023\/07\/0004452_bestard-breithorn-pro.jpg\" \/>\n\t<meta property=\"og:image:width\" content=\"550\" \/>\n\t<meta property=\"og:image:height\" content=\"475\" \/>\n\t<meta property=\"og:image:type\" content=\"image\/jpeg\" \/>\n<meta name=\"twitter:card\" content=\"summary_large_image\" \/>\n<meta name=\"twitter:label1\" content=\"Est. reading time\" \/>\n\t<meta name=\"twitter:data1\" content=\"2 minutes\" \/>\n<script type=\"application\/ld+json\" class=\"yoast-schema-graph\">{\"@context\":\"https:\\\/\\\/schema.org\",\"@graph\":[{\"@type\":[\"WebPage\",\"ItemPage\"],\"@id\":\"https:\\\/\\\/satenda.es\\\/en\\\/producto\\\/bestard-breithorn-pro\\\/\",\"url\":\"https:\\\/\\\/satenda.es\\\/en\\\/producto\\\/bestard-breithorn-pro\\\/\",\"name\":\"BESTARD BREITHORN PRO | Shop online\",\"isPartOf\":{\"@id\":\"https:\\\/\\\/satenda.es\\\/en\\\/#website\"},\"primaryImageOfPage\":{\"@id\":\"https:\\\/\\\/satenda.es\\\/en\\\/producto\\\/bestard-breithorn-pro\\\/#primaryimage\"},\"image\":{\"@id\":\"https:\\\/\\\/satenda.es\\\/en\\\/producto\\\/bestard-breithorn-pro\\\/#primaryimage\"},\"thumbnailUrl\":\"https:\\\/\\\/satenda.es\\\/wp-content\\\/uploads\\\/2023\\\/07\\\/0004452_bestard-breithorn-pro.jpg\",\"datePublished\":\"2023-07-19T12:01:51+00:00\",\"description\":\"Shop on line\",\"breadcrumb\":{\"@id\":\"https:\\\/\\\/satenda.es\\\/en\\\/producto\\\/bestard-breithorn-pro\\\/#breadcrumb\"},\"inLanguage\":\"en-US\",\"potentialAction\":[{\"@type\":\"ReadAction\",\"target\":[\"https:\\\/\\\/satenda.es\\\/en\\\/producto\\\/bestard-breithorn-pro\\\/\"]}]},{\"@type\":\"ImageObject\",\"inLanguage\":\"en-US\",\"@id\":\"https:\\\/\\\/satenda.es\\\/en\\\/producto\\\/bestard-breithorn-pro\\\/#primaryimage\",\"url\":\"https:\\\/\\\/satenda.es\\\/wp-content\\\/uploads\\\/2023\\\/07\\\/0004452_bestard-breithorn-pro.jpg\",\"contentUrl\":\"https:\\\/\\\/satenda.es\\\/wp-content\\\/uploads\\\/2023\\\/07\\\/0004452_bestard-breithorn-pro.jpg\",\"width\":550,\"height\":475},{\"@type\":\"BreadcrumbList\",\"@id\":\"https:\\\/\\\/satenda.es\\\/en\\\/producto\\\/bestard-breithorn-pro\\\/#breadcrumb\",\"itemListElement\":[{\"@type\":\"ListItem\",\"position\":1,\"name\":\"Portada\",\"item\":\"https:\\\/\\\/satenda.es\\\/en\\\/\"},{\"@type\":\"ListItem\",\"position\":2,\"name\":\"Shop\",\"item\":\"https:\\\/\\\/satenda.es\\\/en\\\/shop\\\/\"},{\"@type\":\"ListItem\",\"position\":3,\"name\":\"BESTARD BREITHORN PRO\"}]},{\"@type\":\"WebSite\",\"@id\":\"https:\\\/\\\/satenda.es\\\/en\\\/#website\",\"url\":\"https:\\\/\\\/satenda.es\\\/en\\\/\",\"name\":\"Sa tenda\",\"description\":\"Mountain &amp; City Wear\",\"potentialAction\":[{\"@type\":\"SearchAction\",\"target\":{\"@type\":\"EntryPoint\",\"urlTemplate\":\"https:\\\/\\\/satenda.es\\\/en\\\/?s={search_term_string}\"},\"query-input\":{\"@type\":\"PropertyValueSpecification\",\"valueRequired\":true,\"valueName\":\"search_term_string\"}}],\"inLanguage\":\"en-US\"}]}<\/script>\n<!-- \/ Yoast SEO plugin. -->","yoast_head_json":{"title":"BESTARD BREITHORN PRO | Shop online","description":"Shop on line","robots":{"index":"index","follow":"follow","max-snippet":"max-snippet:-1","max-image-preview":"max-image-preview:large","max-video-preview":"max-video-preview:-1"},"canonical":"https:\/\/satenda.es\/en\/producto\/bestard-breithorn-pro\/","og_locale":"en_US","og_type":"article","og_title":"BESTARD BREITHORN PRO | Shop online","og_description":"Shop on line","og_url":"https:\/\/satenda.es\/en\/producto\/bestard-breithorn-pro\/","og_site_name":"Sa tenda","og_image":[{"width":550,"height":475,"url":"https:\/\/satenda.es\/wp-content\/uploads\/2023\/07\/0004452_bestard-breithorn-pro.jpg","type":"image\/jpeg"}],"twitter_card":"summary_large_image","twitter_misc":{"Est. reading time":"2 minutes"},"schema":{"@context":"https:\/\/schema.org","@graph":[{"@type":["WebPage","ItemPage"],"@id":"https:\/\/satenda.es\/en\/producto\/bestard-breithorn-pro\/","url":"https:\/\/satenda.es\/en\/producto\/bestard-breithorn-pro\/","name":"BESTARD BREITHORN PRO | Shop online","isPartOf":{"@id":"https:\/\/satenda.es\/en\/#website"},"primaryImageOfPage":{"@id":"https:\/\/satenda.es\/en\/producto\/bestard-breithorn-pro\/#primaryimage"},"image":{"@id":"https:\/\/satenda.es\/en\/producto\/bestard-breithorn-pro\/#primaryimage"},"thumbnailUrl":"https:\/\/satenda.es\/wp-content\/uploads\/2023\/07\/0004452_bestard-breithorn-pro.jpg","datePublished":"2023-07-19T12:01:51+00:00","description":"Shop on line","breadcrumb":{"@id":"https:\/\/satenda.es\/en\/producto\/bestard-breithorn-pro\/#breadcrumb"},"inLanguage":"en-US","potentialAction":[{"@type":"ReadAction","target":["https:\/\/satenda.es\/en\/producto\/bestard-breithorn-pro\/"]}]},{"@type":"ImageObject","inLanguage":"en-US","@id":"https:\/\/satenda.es\/en\/producto\/bestard-breithorn-pro\/#primaryimage","url":"https:\/\/satenda.es\/wp-content\/uploads\/2023\/07\/0004452_bestard-breithorn-pro.jpg","contentUrl":"https:\/\/satenda.es\/wp-content\/uploads\/2023\/07\/0004452_bestard-breithorn-pro.jpg","width":550,"height":475},{"@type":"BreadcrumbList","@id":"https:\/\/satenda.es\/en\/producto\/bestard-breithorn-pro\/#breadcrumb","itemListElement":[{"@type":"ListItem","position":1,"name":"Portada","item":"https:\/\/satenda.es\/en\/"},{"@type":"ListItem","position":2,"name":"Shop","item":"https:\/\/satenda.es\/en\/shop\/"},{"@type":"ListItem","position":3,"name":"BESTARD BREITHORN PRO"}]},{"@type":"WebSite","@id":"https:\/\/satenda.es\/en\/#website","url":"https:\/\/satenda.es\/en\/","name":"Sa tenda","description":"Mountain &amp; City Wear","potentialAction":[{"@type":"SearchAction","target":{"@type":"EntryPoint","urlTemplate":"https:\/\/satenda.es\/en\/?s={search_term_string}"},"query-input":{"@type":"PropertyValueSpecification","valueRequired":true,"valueName":"search_term_string"}}],"inLanguage":"en-US"}]}},"_links":{"self":[{"href":"https:\/\/satenda.es\/en\/wp-json\/wp\/v2\/product\/13461","targetHints":{"allow":["GET"]}}],"collection":[{"href":"https:\/\/satenda.es\/en\/wp-json\/wp\/v2\/product"}],"about":[{"href":"https:\/\/satenda.es\/en\/wp-json\/wp\/v2\/types\/product"}],"wp:featuredmedia":[{"embeddable":true,"href":"https:\/\/satenda.es\/en\/wp-json\/wp\/v2\/media\/11476"}],"wp:attachment":[{"href":"https:\/\/satenda.es\/en\/wp-json\/wp\/v2\/media?parent=13461"}],"wp:term":[{"taxonomy":"product_brand","embeddable":true,"href":"https:\/\/satenda.es\/en\/wp-json\/wp\/v2\/product_brand?post=13461"},{"taxonomy":"product_cat","embeddable":true,"href":"https:\/\/satenda.es\/en\/wp-json\/wp\/v2\/product_cat?post=13461"},{"taxonomy":"product_tag","embeddable":true,"href":"https:\/\/satenda.es\/en\/wp-json\/wp\/v2\/product_tag?post=13461"}],"curies":[{"name":"wp","href":"https:\/\/api.w.org\/{rel}","templated":true}]}}